{"id":142133,"date":"2026-02-08T12:17:46","date_gmt":"2026-02-08T11:17:46","guid":{"rendered":"https:\/\/kulturservices.com\/cms\/Veranstaltung\/poesie-gestik-klang-otto-m-zykan\/"},"modified":"2026-02-12T00:39:48","modified_gmt":"2026-02-11T23:39:48","slug":"poesie-gestik-klang-otto-m-zykan","status":"expired","type":"event_listing","link":"https:\/\/kulturservices.com\/cms\/Veranstaltung\/poesie-gestik-klang-otto-m-zykan\/","title":{"rendered":"Poesie. Gestik. Klang. Otto M. Zykan"},"content":{"rendered":"<p>An diesem Abend trifft Poesie auf Klangkunst und Literatur verbindet sich mit zeitgen\u00f6ssischer Musik, wobei das Ensemble REIHE Zykan + die Grenzen zwischen Singen, Sprechen, Gestik und Performance auslotet. Literarische Werke von Ingeborg Bachmann, Peter Handke, Helmut Hei\u00dfenb\u00fcttel oder Wolfgang Bauer erklingen in Interpretationen zeitgen\u00f6ssischer Komponist*innen wie Michael Mautner, Elfi Aichinger und Otto M. Zykan (1935\u20132006). Letzterer fungierte als Namenspatron des Ensembles und erlangte f\u00fcr seine innovative und oft provokative Herangehensweise an Musik und Kunst breite Bekanntheit. Seine kritische Haltung gegen\u00fcber traditionellen Strukturen und seine Bem\u00fchungen, neue Wege in der Musik zu finden, machten ihn zu einem \u00fcberzeugten Grenzg\u00e4nger. In seinen flinken Sprachmutationen schafft er einerseits rhythmische Verdichtungen und andererseits inhaltliche Ausuferungen.<\/p>\n<p>Der Eintritt ist frei! Eine Anmeldung ist nicht erforderlich. Wir freuen uns auf Sie!<\/p>\n<p>Michael Mautner \u2013 Dirigent<\/p>\n<p>Irene\u00a0Suchy\u00a0\u2013 Dramaturgie, Moderation<\/p>\n<p><strong>Programm:<\/strong><\/p>\n<p>Otto M. Zykan:\u00a0INSZENE I\u00a0von Helmut Hei\u00dfenb\u00fcttel und Otto M. Zykan<\/p>\n<p>Otto M. Zykan:\u00a0KR\u00dcPPEL SPRACHE\u00a0nach Wolfgang Bauer<\/p>\n<p>Elfi Aichinger:\u00a0ICH\u00a0nach Ingeborg Bachmann<\/p>\n<p>Michael Mautner:\u00a0SING\u00a0<\/p>\n<p>Michael Mautner:\u00a0Musik aus dem Theaterst\u00fcck \u201ePublikumsbeschimpfung\u201c von Peter Handke (3 Ausschnitte)<\/p>\n","protected":false},"featured_media":0,"template":"","meta":{"_acf_changed":false},"event_listing_category":[135],"event_listing_type":[144,145,143],"class_list":["post-142133","event_listing","type-event_listing","status-expired","hentry","event_listing_category-e-musik","event_listing_type-erwachsene","event_listing_type-seniorinnen","event_listing_type-jugendliche"],"acf":[],"_links":{"self":[{"href":"https:\/\/kulturservices.com\/cms\/wp-json\/wp\/v2\/event_listing\/142133","targetHints":{"allow":["GET"]}}],"collection":[{"href":"https:\/\/kulturservices.com\/cms\/wp-json\/wp\/v2\/event_listing"}],"about":[{"href":"https:\/\/kulturservices.com\/cms\/wp-json\/wp\/v2\/types\/event_listing"}],"wp:attachment":[{"href":"https:\/\/kulturservices.com\/cms\/wp-json\/wp\/v2\/media?parent=142133"}],"wp:term":[{"taxonomy":"event_listing_category","embeddable":true,"href":"https:\/\/kulturservices.com\/cms\/wp-json\/wp\/v2\/event_listing_category?post=142133"},{"taxonomy":"event_listing_type","embeddable":true,"href":"https:\/\/kulturservices.com\/cms\/wp-json\/wp\/v2\/event_listing_type?post=142133"}],"curies":[{"name":"wp","href":"https:\/\/api.w.org\/{rel}","templated":true}]}}